{"id":28,"date":"2022-01-28T15:53:18","date_gmt":"2022-01-28T14:53:18","guid":{"rendered":"http:\/\/franceempire-auteur-revuepresse.com\/?page_id=28"},"modified":"2022-01-28T16:10:37","modified_gmt":"2022-01-28T15:10:37","slug":"france-empire-revue-de-presse-3","status":"publish","type":"page","link":"http:\/\/franceempire-auteur-revuepresse.com\/index.php\/france-empire-revue-de-presse-3\/","title":{"rendered":"Le Monde"},"content":{"rendered":"\n<p><\/p>\n\n\n\n<p><\/p>\n\n\n\n<p><\/p>\n\n\n\n<figure class=\"wp-block-image size-full\"><img loading=\"lazy\" width=\"945\" height=\"189\" src=\"http:\/\/franceempire-auteur-revuepresse.com\/wp-content\/uploads\/2022\/01\/image-4.png\" alt=\"\" class=\"wp-image-29\" srcset=\"http:\/\/franceempire-auteur-revuepresse.com\/wp-content\/uploads\/2022\/01\/image-4.png 945w, http:\/\/franceempire-auteur-revuepresse.com\/wp-content\/uploads\/2022\/01\/image-4-300x60.png 300w, http:\/\/franceempire-auteur-revuepresse.com\/wp-content\/uploads\/2022\/01\/image-4-768x154.png 768w\" sizes=\"(max-width: 945px) 100vw, 945px\" \/><\/figure>\n\n\n\n<p><\/p>\n\n\n\n<p>LES LIVRES<\/p>\n\n\n\n<p>Vendredi 5 f\u00e9vrier 1993<\/p>\n\n\n\n<p>RAPHAEL VONGSURAVATANA, Un j\u00e9suite \u00e0 la <a href=\"https:\/\/fr.wikipedia.org\/wiki\/Jean_Meyer_(historien,_1924)#:~:text=Il%20fut%20professeur%20d'histoire,universit%C3%A9%20de%20Marbourg%20en%20Allemagne.\" title=\"cour de Siam, pr\u00e9fac\u00e9 par Jean Meyer\">cour de Siam, pr\u00e9fac\u00e9 par Jean Meyer<\/a>.<\/p>\n\n\n\n<p>La grande aventure du P\u00e8re Tachard, embarqu\u00e9 au printemps de 1685 \u00e0 destination du royaume de Siam pour une mission au terme de laquelle la d\u00e9ception succ\u00e9dera \u00e0 l\u2019ambition et \u00e0 l\u2019obstination. Ce livre vient d\u2019obtenir le prix Auguste Pavy. (Ed. France-Empire, 330 p., 120 F).<\/p>\n","protected":false},"excerpt":{"rendered":"<p>LES LIVRES Vendredi 5 f\u00e9vrier 1993 RAPHAEL VONGSURAVATANA, Un j\u00e9suite \u00e0 la cour de Siam, pr\u00e9fac\u00e9 par Jean Meyer. La grande aventure du P\u00e8re Tachard, embarqu\u00e9 au printemps de 1685 \u00e0 destination du royaume de Siam pour une mission au terme de laquelle la d\u00e9ception succ\u00e9dera \u00e0 l\u2019ambition et \u00e0 l\u2019obstination. Ce livre vient d\u2019obtenir [&hellip;]<\/p>\n","protected":false},"author":1,"featured_media":0,"parent":0,"menu_order":0,"comment_status":"closed","ping_status":"closed","template":"","meta":{"om_disable_all_campaigns":false,"_monsterinsights_skip_tracking":false,"_monsterinsights_sitenote_active":false,"_monsterinsights_sitenote_note":"","_monsterinsights_sitenote_category":0},"_links":{"self":[{"href":"http:\/\/franceempire-auteur-revuepresse.com\/index.php\/wp-json\/wp\/v2\/pages\/28"}],"collection":[{"href":"http:\/\/franceempire-auteur-revuepresse.com\/index.php\/wp-json\/wp\/v2\/pages"}],"about":[{"href":"http:\/\/franceempire-auteur-revuepresse.com\/index.php\/wp-json\/wp\/v2\/types\/page"}],"author":[{"embeddable":true,"href":"http:\/\/franceempire-auteur-revuepresse.com\/index.php\/wp-json\/wp\/v2\/users\/1"}],"replies":[{"embeddable":true,"href":"http:\/\/franceempire-auteur-revuepresse.com\/index.php\/wp-json\/wp\/v2\/comments?post=28"}],"version-history":[{"count":3,"href":"http:\/\/franceempire-auteur-revuepresse.com\/index.php\/wp-json\/wp\/v2\/pages\/28\/revisions"}],"predecessor-version":[{"id":62,"href":"http:\/\/franceempire-auteur-revuepresse.com\/index.php\/wp-json\/wp\/v2\/pages\/28\/revisions\/62"}],"wp:attachment":[{"href":"http:\/\/franceempire-auteur-revuepresse.com\/index.php\/wp-json\/wp\/v2\/media?parent=28"}],"curies":[{"name":"wp","href":"https:\/\/api.w.org\/{rel}","templated":true}]}}